{"id":814,"date":"2023-06-20T18:23:10","date_gmt":"2023-06-20T18:23:10","guid":{"rendered":"https:\/\/patriaparatodos.com.ve\/?page_id=814"},"modified":"2023-07-14T03:37:15","modified_gmt":"2023-07-14T03:37:15","slug":"descargas-2","status":"publish","type":"page","link":"https:\/\/patriaparatodos.com.ve\/?page_id=814","title":{"rendered":"XXVI Encuentro del Foro de S\u00e3o Paulo"},"content":{"rendered":"\t\t<div data-elementor-type=\"wp-page\" data-elementor-id=\"814\" class=\"elementor elementor-814\" data-elementor-post-type=\"page\">\n\t\t\t\t\t\t<section class=\"has_eae_slider has_ma_el_bg_slider elementor-section elementor-top-section elementor-element elementor-element-aef51ce elementor-section-height-min-height elementor-section-content-middle elementor-section-boxed elementor-section-height-default elementor-section-items-middle\" data-id=\"aef51ce\" data-element_type=\"section\" data-settings=\"{&quot;jet_parallax_layout_list&quot;:[{&quot;jet_parallax_layout_image&quot;:{&quot;url&quot;:&quot;&quot;,&quot;id&quot;:&quot;&quot;,&quot;size&quot;:&quot;&quot;},&quot;_id&quot;:&quot;c39e439&quot;,&quot;jet_parallax_layout_image_tablet&quot;:{&quot;url&quot;:&quot;&quot;,&quot;id&quot;:&quot;&quot;,&quot;size&quot;:&quot;&quot;},&quot;jet_parallax_layout_image_mobile&quot;:{&quot;url&quot;:&quot;&quot;,&quot;id&quot;:&quot;&quot;,&quot;size&quot;:&quot;&quot;},&quot;jet_parallax_layout_speed&quot;:{&quot;unit&quot;:&quot;%&quot;,&quot;size&quot;:50,&quot;sizes&quot;:[]},&quot;jet_parallax_layout_type&quot;:&quot;scroll&quot;,&quot;jet_parallax_layout_direction&quot;:null,&quot;jet_parallax_layout_fx_direction&quot;:null,&quot;jet_parallax_layout_z_index&quot;:&quot;&quot;,&quot;jet_parallax_layout_bg_x&quot;:50,&quot;jet_parallax_layout_bg_x_tablet&quot;:&quot;&quot;,&quot;jet_parallax_layout_bg_x_mobile&quot;:&quot;&quot;,&quot;jet_parallax_layout_bg_y&quot;:50,&quot;jet_parallax_layout_bg_y_tablet&quot;:&quot;&quot;,&quot;jet_parallax_layout_bg_y_mobile&quot;:&quot;&quot;,&quot;jet_parallax_layout_bg_size&quot;:&quot;auto&quot;,&quot;jet_parallax_layout_bg_size_tablet&quot;:&quot;&quot;,&quot;jet_parallax_layout_bg_size_mobile&quot;:&quot;&quot;,&quot;jet_parallax_layout_animation_prop&quot;:&quot;transform&quot;,&quot;jet_parallax_layout_on&quot;:[&quot;desktop&quot;,&quot;tablet&quot;]}],&quot;background_background&quot;:&quot;classic&quot;}\">\n\t\t\t\t\t\t<div class=\"elementor-container elementor-column-gap-default\">\n\t\t\t\t\t<div class=\"has_eae_slider has_ma_el_bg_slider elementor-column elementor-col-100 elementor-top-column elementor-element elementor-element-2c1e5d0 jltma-glass-effect-no\" data-id=\"2c1e5d0\" data-element_type=\"column\">\n\t\t\t<div class=\"elementor-widget-wrap\">\n\t\t\t\t\t\t\t<\/div>\n\t\t<\/div>\n\t\t\t\t\t<\/div>\n\t\t<\/section>\n\t\t\t\t<section class=\"has_eae_slider has_ma_el_bg_slider elementor-section elementor-top-section elementor-element elementor-element-50244f0 elementor-section-boxed elementor-section-height-default elementor-section-height-default jltma-glass-effect-no\" data-id=\"50244f0\" data-element_type=\"section\" data-settings=\"{&quot;jet_parallax_layout_list&quot;:[{&quot;jet_parallax_layout_image&quot;:{&quot;url&quot;:&quot;&quot;,&quot;id&quot;:&quot;&quot;,&quot;size&quot;:&quot;&quot;},&quot;_id&quot;:&quot;8e5155d&quot;,&quot;jet_parallax_layout_image_tablet&quot;:{&quot;url&quot;:&quot;&quot;,&quot;id&quot;:&quot;&quot;,&quot;size&quot;:&quot;&quot;},&quot;jet_parallax_layout_image_mobile&quot;:{&quot;url&quot;:&quot;&quot;,&quot;id&quot;:&quot;&quot;,&quot;size&quot;:&quot;&quot;},&quot;jet_parallax_layout_speed&quot;:{&quot;unit&quot;:&quot;%&quot;,&quot;size&quot;:50,&quot;sizes&quot;:[]},&quot;jet_parallax_layout_type&quot;:&quot;scroll&quot;,&quot;jet_parallax_layout_direction&quot;:null,&quot;jet_parallax_layout_fx_direction&quot;:null,&quot;jet_parallax_layout_z_index&quot;:&quot;&quot;,&quot;jet_parallax_layout_bg_x&quot;:50,&quot;jet_parallax_layout_bg_x_tablet&quot;:&quot;&quot;,&quot;jet_parallax_layout_bg_x_mobile&quot;:&quot;&quot;,&quot;jet_parallax_layout_bg_y&quot;:50,&quot;jet_parallax_layout_bg_y_tablet&quot;:&quot;&quot;,&quot;jet_parallax_layout_bg_y_mobile&quot;:&quot;&quot;,&quot;jet_parallax_layout_bg_size&quot;:&quot;auto&quot;,&quot;jet_parallax_layout_bg_size_tablet&quot;:&quot;&quot;,&quot;jet_parallax_layout_bg_size_mobile&quot;:&quot;&quot;,&quot;jet_parallax_layout_animation_prop&quot;:&quot;transform&quot;,&quot;jet_parallax_layout_on&quot;:[&quot;desktop&quot;,&quot;tablet&quot;]}]}\">\n\t\t\t\t\t\t<div class=\"elementor-container elementor-column-gap-default\">\n\t\t\t\t\t<div class=\"has_eae_slider has_ma_el_bg_slider elementor-column elementor-col-100 elementor-top-column elementor-element elementor-element-12aeacd jltma-glass-effect-no\" data-id=\"12aeacd\" data-element_type=\"column\">\n\t\t\t<div class=\"elementor-widget-wrap elementor-element-populated\">\n\t\t\t\t\t\t<section class=\"has_eae_slider has_ma_el_bg_slider elementor-section elementor-inner-section elementor-element elementor-element-f919a1f elementor-section-boxed elementor-section-height-default elementor-section-height-default jltma-glass-effect-no\" data-id=\"f919a1f\" data-element_type=\"section\" data-settings=\"{&quot;jet_parallax_layout_list&quot;:[{&quot;jet_parallax_layout_image&quot;:{&quot;url&quot;:&quot;&quot;,&quot;id&quot;:&quot;&quot;,&quot;size&quot;:&quot;&quot;},&quot;_id&quot;:&quot;79009ab&quot;,&quot;jet_parallax_layout_image_tablet&quot;:{&quot;url&quot;:&quot;&quot;,&quot;id&quot;:&quot;&quot;,&quot;size&quot;:&quot;&quot;},&quot;jet_parallax_layout_image_mobile&quot;:{&quot;url&quot;:&quot;&quot;,&quot;id&quot;:&quot;&quot;,&quot;size&quot;:&quot;&quot;},&quot;jet_parallax_layout_speed&quot;:{&quot;unit&quot;:&quot;%&quot;,&quot;size&quot;:50,&quot;sizes&quot;:[]},&quot;jet_parallax_layout_type&quot;:&quot;scroll&quot;,&quot;jet_parallax_layout_direction&quot;:null,&quot;jet_parallax_layout_fx_direction&quot;:null,&quot;jet_parallax_layout_z_index&quot;:&quot;&quot;,&quot;jet_parallax_layout_bg_x&quot;:50,&quot;jet_parallax_layout_bg_x_tablet&quot;:&quot;&quot;,&quot;jet_parallax_layout_bg_x_mobile&quot;:&quot;&quot;,&quot;jet_parallax_layout_bg_y&quot;:50,&quot;jet_parallax_layout_bg_y_tablet&quot;:&quot;&quot;,&quot;jet_parallax_layout_bg_y_mobile&quot;:&quot;&quot;,&quot;jet_parallax_layout_bg_size&quot;:&quot;auto&quot;,&quot;jet_parallax_layout_bg_size_tablet&quot;:&quot;&quot;,&quot;jet_parallax_layout_bg_size_mobile&quot;:&quot;&quot;,&quot;jet_parallax_layout_animation_prop&quot;:&quot;transform&quot;,&quot;jet_parallax_layout_on&quot;:[&quot;desktop&quot;,&quot;tablet&quot;]}]}\">\n\t\t\t\t\t\t<div class=\"elementor-container elementor-column-gap-default\">\n\t\t\t\t\t<div class=\"has_eae_slider has_ma_el_bg_slider elementor-column elementor-col-100 elementor-inner-column elementor-element elementor-element-be9428a jltma-glass-effect-no\" data-id=\"be9428a\" data-element_type=\"column\">\n\t\t\t<div class=\"elementor-widget-wrap elementor-element-populated\">\n\t\t\t\t\t\t<div class=\"elementor-element elementor-element-7f34327 elementor-widget-divider--view-line jltma-glass-effect-no elementor-widget elementor-widget-divider\" data-id=\"7f34327\" data-element_type=\"widget\" data-widget_type=\"divider.default\">\n\t\t\t\t<div class=\"elementor-widget-container\">\n\t\t\t\t\t\t\t<div class=\"elementor-divider\">\n\t\t\t<span class=\"elementor-divider-separator\">\n\t\t\t\t\t\t<\/span>\n\t\t<\/div>\n\t\t\t\t\t\t<\/div>\n\t\t\t\t<\/div>\n\t\t\t\t<div class=\"elementor-element elementor-element-bae5f0f jltma-glass-effect-no elementor-widget elementor-widget-heading\" data-id=\"bae5f0f\" data-element_type=\"widget\" data-widget_type=\"heading.default\">\n\t\t\t\t<div class=\"elementor-widget-container\">\n\t\t\t\t\t<h2 class=\"elementor-heading-title elementor-size-default\">Convocatoria al XXVI Encuentro en Brasil<\/h2>\t\t\t\t<\/div>\n\t\t\t\t<\/div>\n\t\t\t\t<div class=\"elementor-element elementor-element-ca61dc1 jltma-glass-effect-no elementor-widget elementor-widget-text-editor\" data-id=\"ca61dc1\" data-element_type=\"widget\" data-widget_type=\"text-editor.default\">\n\t\t\t\t<div class=\"elementor-widget-container\">\n\t\t\t\t\t\t\t\t\t<p>El XXVI Encuentro del Foro se realizar\u00e1 en medio de un escenario complejo, de victorias y tambi\u00e9n de mucha lucha de los pueblos de Nuestra Am\u00e9rica.\u00a0 La necesidad de construir la integraci\u00f3n de nuestros pa\u00edses, proteger nuestra naturaleza, pueblos y soberan\u00eda adem\u00e1s de luchar contra los efectos del neoliberalismo en nuestra regi\u00f3n convoca \u2013 a las fuerzas progresistas, populares y de izquierda\u2013 a encontrarnos una vez m\u00e1s para reflexionar y debatir nuestros desaf\u00edos y rumbos.<\/p><p>Hace tres a\u00f1os el mundo fue sorprendido por la pandemia de COVID-19, hecho que ha impedido la realizaci\u00f3n de nuestros encuentros anuales. En este 2023, finalmente podremos retomar nuestras actividades presenciales y tenemos el honor de invitarles para el XXVI Encuentro del Foro de S\u00e3o Paulo, que se realizar\u00e1 en Brasilia, Brasil, del 29 de junio al 02 de julio de 2023.<\/p><p>El lugar escogido para la primera reuni\u00f3n del Foro celebrada tras la pandemia es Brasilia, la capital de Brasil, tras la importante victoria del Presidente Lula en las elecciones de 2022. Bajo el lema \u201cIntegraci\u00f3n regional para avanzar en la soberan\u00eda latinoamericana y caribe\u00f1a\u201d, el XXVI Encuentro del Foro se propone ser un lugar de intercambio y articulaci\u00f3n de las fuerzas progresistas, democr\u00e1ticas y de izquierda para debatir los desaf\u00edos y rumbos de nuestra regi\u00f3n en esta coyuntura que viven nuestros pueblos.<\/p><p>Le invitamos a consultar aqu\u00ed el programa tentativo del XXVI Encuentro y dem\u00e1s informaciones log\u00edsticas para los que deseen participar:<\/p>\t\t\t\t\t\t\t\t<\/div>\n\t\t\t\t<\/div>\n\t\t\t\t<div class=\"elementor-element elementor-element-84ce1b3 jltma-glass-effect-no elementor-widget elementor-widget-heading\" data-id=\"84ce1b3\" data-element_type=\"widget\" data-widget_type=\"heading.default\">\n\t\t\t\t<div class=\"elementor-widget-container\">\n\t\t\t\t\t<h4 class=\"elementor-heading-title elementor-size-default\"><a href=\"https:\/\/forodesaopaulo.org\/programa-preliminar-xxvi-encuentro-del-fsp\/\">Programa preliminar<\/a><\/h4>\t\t\t\t<\/div>\n\t\t\t\t<\/div>\n\t\t\t\t<div class=\"elementor-element elementor-element-b88e1f3 jltma-glass-effect-no elementor-widget elementor-widget-heading\" data-id=\"b88e1f3\" data-element_type=\"widget\" data-widget_type=\"heading.default\">\n\t\t\t\t<div class=\"elementor-widget-container\">\n\t\t\t\t\t<h4 class=\"elementor-heading-title elementor-size-default\"><a href=\"https:\/\/forodesaopaulo.org\/documento-base-xxvi-enc-fsp\/\">Documento Base<\/a><\/h4>\t\t\t\t<\/div>\n\t\t\t\t<\/div>\n\t\t\t\t<div class=\"elementor-element elementor-element-972ff15 jltma-glass-effect-no elementor-widget elementor-widget-heading\" data-id=\"972ff15\" data-element_type=\"widget\" data-widget_type=\"heading.default\">\n\t\t\t\t<div class=\"elementor-widget-container\">\n\t\t\t\t\t<h4 class=\"elementor-heading-title elementor-size-default\"><a href=\"https:\/\/forodesaopaulo.org\/informaciones-logisticas-2\/\">Informaciones log\u00edsticas (PORT | ESP | ENG)<\/a><\/h4>\t\t\t\t<\/div>\n\t\t\t\t<\/div>\n\t\t\t\t<div class=\"elementor-element elementor-element-33dc979 elementor-widget-divider--view-line jltma-glass-effect-no elementor-widget elementor-widget-divider\" data-id=\"33dc979\" data-element_type=\"widget\" data-widget_type=\"divider.default\">\n\t\t\t\t<div class=\"elementor-widget-container\">\n\t\t\t\t\t\t\t<div class=\"elementor-divider\">\n\t\t\t<span class=\"elementor-divider-separator\">\n\t\t\t\t\t\t<\/span>\n\t\t<\/div>\n\t\t\t\t\t\t<\/div>\n\t\t\t\t<\/div>\n\t\t\t\t<div class=\"elementor-element elementor-element-9a393b9 jltma-glass-effect-no elementor-widget elementor-widget-heading\" data-id=\"9a393b9\" data-element_type=\"widget\" data-widget_type=\"heading.default\">\n\t\t\t\t<div class=\"elementor-widget-container\">\n\t\t\t\t\t<h2 class=\"elementor-heading-title elementor-size-default\">Breve Rese\u00f1a Hist\u00f3rica<\/h2>\t\t\t\t<\/div>\n\t\t\t\t<\/div>\n\t\t\t\t<div class=\"elementor-element elementor-element-c867aff elementor-arrows-position-inside elementor-pagination-position-outside jltma-glass-effect-no elementor-widget elementor-widget-image-carousel\" data-id=\"c867aff\" data-element_type=\"widget\" data-settings=\"{&quot;slides_to_show&quot;:&quot;1&quot;,&quot;autoplay_speed&quot;:1500,&quot;effect&quot;:&quot;fade&quot;,&quot;navigation&quot;:&quot;both&quot;,&quot;autoplay&quot;:&quot;yes&quot;,&quot;pause_on_hover&quot;:&quot;yes&quot;,&quot;pause_on_interaction&quot;:&quot;yes&quot;,&quot;infinite&quot;:&quot;yes&quot;,&quot;speed&quot;:500}\" data-widget_type=\"image-carousel.default\">\n\t\t\t\t<div class=\"elementor-widget-container\">\n\t\t\t\t\t\t\t<div class=\"elementor-image-carousel-wrapper swiper\" role=\"region\" aria-roledescription=\"carousel\" aria-label=\"Carrusel de im\u00e1genes\" dir=\"ltr\">\n\t\t\t<div class=\"elementor-image-carousel swiper-wrapper\" aria-live=\"off\">\n\t\t\t\t\t\t\t\t<div class=\"swiper-slide\" role=\"group\" aria-roledescription=\"slide\" aria-label=\"1 de 3\"><figure class=\"swiper-slide-inner\"><img decoding=\"async\" class=\"swiper-slide-image\" src=\"https:\/\/patriaparatodos.com.ve\/wp-content\/uploads\/2023\/06\/Foto-1-1024x684-1.jpg\" alt=\"Foto-1-1024x684-1\" \/><\/figure><\/div><div class=\"swiper-slide\" role=\"group\" aria-roledescription=\"slide\" aria-label=\"2 de 3\"><figure class=\"swiper-slide-inner\"><img decoding=\"async\" class=\"swiper-slide-image\" src=\"https:\/\/patriaparatodos.com.ve\/wp-content\/uploads\/2023\/06\/Foto-2-1024x671-1.jpg\" alt=\"Foto-2-1024x671-1\" \/><\/figure><\/div><div class=\"swiper-slide\" role=\"group\" aria-roledescription=\"slide\" aria-label=\"3 de 3\"><figure class=\"swiper-slide-inner\"><img decoding=\"async\" class=\"swiper-slide-image\" src=\"https:\/\/patriaparatodos.com.ve\/wp-content\/uploads\/2023\/06\/Foto-3-1024x699-1.jpg\" alt=\"Foto-3-1024x699-1\" \/><\/figure><\/div>\t\t\t<\/div>\n\t\t\t\t\t\t\t\t\t\t\t\t<div class=\"elementor-swiper-button elementor-swiper-button-prev\" role=\"button\" tabindex=\"0\">\n\t\t\t\t\t\t<i aria-hidden=\"true\" class=\"eicon-chevron-left\"><\/i>\t\t\t\t\t<\/div>\n\t\t\t\t\t<div class=\"elementor-swiper-button elementor-swiper-button-next\" role=\"button\" tabindex=\"0\">\n\t\t\t\t\t\t<i aria-hidden=\"true\" class=\"eicon-chevron-right\"><\/i>\t\t\t\t\t<\/div>\n\t\t\t\t\n\t\t\t\t\t\t\t\t\t<div class=\"swiper-pagination\"><\/div>\n\t\t\t\t\t\t\t\t\t<\/div>\n\t\t\t\t\t\t<\/div>\n\t\t\t\t<\/div>\n\t\t\t\t<div class=\"elementor-element elementor-element-4d5755f jltma-glass-effect-no elementor-widget elementor-widget-text-editor\" data-id=\"4d5755f\" data-element_type=\"widget\" data-widget_type=\"text-editor.default\">\n\t\t\t\t<div class=\"elementor-widget-container\">\n\t\t\t\t\t\t\t\t\t<p>El Foro tiene su origen en la convocatoria que hicieron Lula y Fidel Castro a partidos, movimientos y organizaciones de izquierda, en julio de 1990, para reflexionar sobre los acontecimientos post ca\u00edda del Muro de Berl\u00edn y los caminos alternativos y aut\u00f3nomos posibles para la izquierda de Am\u00e9rica Latina y el Caribe, m\u00e1s all\u00e1 de las respuestas tradicionales.<\/p><p>Ese primer encuentro se dio en la ciudad de S\u00e3o Paulo y reuni\u00f3 a 48 partidos y organizaciones, que representaban diversas experiencias y matrices pol\u00edtico-ideol\u00f3gicas de toda la regi\u00f3n latinoamericana y caribe\u00f1a. De all\u00ed sali\u00f3 la Declaraci\u00f3n de S\u00e3o Paulo, documento hist\u00f3rico que expresa la vocaci\u00f3n, los principios y objetivos de todos los partidos y movimientos all\u00ed presentes. Se destacan en dicha Declaraci\u00f3n los siguientes objetivos:<\/p><p>\u201cAvanzar con propuestas de unidad de acci\u00f3n consensuales en la lucha antiimperialista y popular.<\/p><p>\u201cPromover[emos tambi\u00e9n] intercambios especializados en torno a los problemas econ\u00f3micos, pol\u00edticos, sociales y culturales<\/p><p>\u201c[\u2026] en contraposici\u00f3n a la propuesta de integraci\u00f3n bajo el dominio imperialista, [definir] las bases de un nuevo concepto de unidad e integraci\u00f3n continentales.<\/p><p>En el segundo encuentro, realizado en la Ciudad de M\u00e9xico en 1991, se consagr\u00f3 el nombre \u201cForo de S\u00e3o Paulo\u201d, dando inicio a la construcci\u00f3n de una articulaci\u00f3n latinoamericana y caribe\u00f1a de partidos y movimientos pol\u00edticos en oposici\u00f3n al neoliberalismo y al imperialismo, comprometida con una propuesta de integraci\u00f3n regional, la reafirmaci\u00f3n de la soberan\u00eda y de la autodeterminaci\u00f3n de Am\u00e9rica Latina y el Caribe y de nuestras naciones.<\/p><p>Los encuentros siguientes reafirmaron la voluntad pol\u00edtica de continuar esta trayectoria de di\u00e1logo e intercambio entre partidos y movimientos pol\u00edticos de Am\u00e9rica Latina y el Caribe. Los balances pol\u00edticos, a\u00f1o tras a\u00f1o, mostraron la creciente influencia de los partidos del Foro de S\u00e3o Paulo en la regi\u00f3n. A lo largo de los a\u00f1os 1990, esos partidos buscaron resistir a las pol\u00edticas ortodoxas del modelo neoliberal y establecieron interlocuciones importantes con los movimientos sociales, sindicales y populares, en el seno de las campa\u00f1as contra el \u00c1rea de Libre Comercio de las Am\u00e9ricas (ALCA) y de construcci\u00f3n del Foro Social Mundial. Entre fines de esa d\u00e9cada y mediados de los a\u00f1os 2000, muchos de esos partidos llegaron por primera vez a los gobiernos nacionales de sus pa\u00edses por medio de una serie de victorias electorales hist\u00f3ricas en la regi\u00f3n.<\/p><p>En los encuentros anuales del Foro, al igual que en los encuentros sub-regionales y sectoriales, se sedimentaron las plataformas antineoliberales que se convirtieron el la base de los programas t\u00e1cticos y electorales victoriosos de los partidos de izquierda y coaliciones progresistas, dando condiciones al Foro de S\u00e3o Paulo de coordinar el respaldo pol\u00edtico regional e internacional a los gobiernos progresistas latinoamericanos y caribe\u00f1os.<\/p><p>M\u00e1s all\u00e1 de las particularidades sociales, econ\u00f3micas y pol\u00edticas de cada pa\u00eds, en l\u00edneas generales y con grados variados, los nuevos gobiernos de izquierda, progresistas y democr\u00e1tico-populares lograron reducir las desigualdades hist\u00f3ricas presentes en nuestro continente por medio de una serie de pol\u00edticas p\u00fablicas de car\u00e1cter inclusivo y aplicaron directrices aut\u00f3nomas de pol\u00edtica externa y de integraci\u00f3n regional, que se manifestaron, por ejemplo, en la reorientaci\u00f3n pol\u00edtica del Mercado Com\u00fan del Sur (Mercosur), en la creaci\u00f3n de la Alternativa Bolivariana para las Am\u00e9ricas (ALBA), de la Uni\u00f3n de Naciones (UNASUR) y de la Comunidad de Estados Latinoamericanos Y Caribe\u00f1os (CELAC).<\/p><p>De 2015 a esta parte, vivimos una fuerte contraofensiva neoliberal en el continente. En ese contexto, en enero de 2017, el Grupo de Trabajo del Foro de S\u00e3o Paulo present\u00f3 al conjunto de los partidos miembros un nuevo documento, de an\u00e1lisis de nuestra trayectoria hasta aqu\u00ed y disparador de nuevos debates y proposiciones, el Consenso de Nuestra Am\u00e9rica (colocar link para o Consenso). Durante el XXIII Encuentro Anual, en Managua, Nicaragua, en julio de 2017, este documento se tom\u00f3 como referencia para el debate en los partidos y junto a los movimientos sociales y populares de nuestra regi\u00f3n.<\/p><p>Este nuevo documento presenta, como punto de partida, los valores y principios que nos unen como instrumentos pol\u00edticos de cambio, construidos a lo largo de la existencia del Foro:<\/p><p><strong>LA IGUALDAD, LA EQUIDAD Y LA JUSTICIA SOCIAL;<\/strong><\/p><p>La democracia y la lucha por la libertad, profundizando su car\u00e1cter popular, directo, participativo y comunitario;<\/p><p>La unidad de nuestras fuerzas y organizaciones y la indisoluble relaci\u00f3n con nuestros pueblos;<\/p><p>El rechazo a cualquier expresi\u00f3n de fascismo, racismo, xenofobia, machismo, misoginia y homofobia, y a la discriminaci\u00f3n de cualquier origen o naturaleza;<\/p><p>La solidaridad con otras personas y naciones, as\u00ed como la realizaci\u00f3n plena del derecho a la Paz;<\/p><p>El derecho de cada pa\u00eds a elegir el sistema pol\u00edtico y social que sus pueblos democr\u00e1ticamente decidan;<\/p><p>La \u00e9tica, la honradez, el ejercicio transparente del gobierno y la administraci\u00f3n de los bienes p\u00fablicos y colectivos y la lucha sin treguas contra la corrupci\u00f3n son valores de las organizaciones de izquierda;<\/p><p><strong>LA INTEGRACI\u00d3N REGIONAL SOBERANA COMO OBJETIVO ESTRAT\u00c9GICO.<\/strong><\/p><p>Como una nueva referencia, el Consenso interpreta el momento vivido como uno de cambio en las correlaciones de fuerzas regionales y plantea una nueva evaluaci\u00f3n y debate sobre las propuestas de la izquierda latinoamericana y caribe\u00f1a. A trav\u00e9s de aciertos y errores, podemos legitimar nuestra lucha y nuestro proyecto, buscando enfrentar y superar la situaci\u00f3n que atraviesa nuestra regi\u00f3n.<\/p><p>Presenta igualmente para el debate sus orientaciones estrat\u00e9gicas, partiendo de la idea de que las transformaciones necesarias para cambiar y desarrollar a Am\u00e9rica Latina y el Caribe van m\u00e1s all\u00e1 de un proyecto y requieren el desarrollo de una comunidad regional con objetivos y principios generales y comunes, asumidos solidariamente, con atenci\u00f3n a las particularidades nacionales.<\/p><p>Resaltamos algunas de las orientaciones para enfrentar y derrotar la contraofensiva neoliberal:<\/p><p><strong>ECONOM\u00cdA.<\/strong><\/p><p>Construir un proceso de integraci\u00f3n econ\u00f3mica y social, de car\u00e1cter soberano, apuntando a una perspectiva regional de desarrollo, complementaria entre los pa\u00edses, y aprovechando las ventajas econ\u00f3micas, como recursos naturales y desarrollo tecnol\u00f3gico y cient\u00edfico de cada fuerza de trabajo. La integraci\u00f3n regional es la condici\u00f3n para insertarse soberanamente en un mundo globalizado, preservando la propia capacidad decisoria.<\/p><p>Un mercado interno regional debe garantizar la sostenibilidad del modelo econ\u00f3mico elegido y ser una alternativa a la inestabilidad del mercado extrarregional. Eso no significa aislarnos del mundo, sino vincularnos a partir de mejores condiciones econ\u00f3micas, de desarrollo social y preservaci\u00f3n de la independencia.<\/p><p>El Estado debe tener un rol fundamental como regulador de la econom\u00eda, asegurando la distribuci\u00f3n de la riqueza y la implementaci\u00f3n de planes de desarrollo econ\u00f3mico y social con respaldo popular y articulados con la integraci\u00f3n regional. No excluimos a los sectores privados, tanto nacionales como internacionales, pero los mantenemos bajo la orientaci\u00f3n de un plan de desarrollo orientado al fortalecimiento del mercado interno, con exportaciones de mayor valor agregado, y articulado al cumplimiento de las legislaciones laborales y ambientales, entre otras.<\/p><p><strong>SOCIEDAD.<\/strong><\/p><p>La distribuci\u00f3n equitativa de la riqueza es uno de los principales proyectos de la izquierda. Las pol\u00edticas fiscales deben considerar que no existe un verdadero desarrollo sin la correspondiente inclusi\u00f3n social, la igualdad de oportunidades y el acceso de todos los ciudadanos y ciudadana a los bienes y servicios socialmente producidos.<\/p><p>Educaci\u00f3n y salud deben estar al alcance de todos y todas, regidas por principios humanistas y solidarios, constituyendo una preocupaci\u00f3n constante de los Estados en el ejercicio de pol\u00edticas p\u00fablicas y erradicaci\u00f3n de los flagelos neoliberales, como la pobreza y la indigencia, la drogadicci\u00f3n, la alienaci\u00f3n social, el descuido en la atenci\u00f3n a sectores m\u00e1s vulnerables como las personas con discapacidad, los mayores y la infancia, as\u00ed como los hist\u00f3ricamente discriminados: las mujeres, los afrodescendientes, los pueblos originarios y la comunidad LGBT.<\/p><p><strong>MEDIO AMBIENTE.<\/strong><\/p><p>Nuestro desarrollo tiene que ser sostenible. Debemos alcanzar el equilibrio entre la necesidad del desarrollo y los derechos de la naturaleza, cambiando los procesos heredados a lo largo de los siglos.<\/p><p><strong>CULTURA.<\/strong><\/p><p>Debemos avanzar en el desarrollo, fortalecimiento, divulgaci\u00f3n y enriquecimiento de la riqueza cultural de nuestros pueblos, permitiendo una revalorizaci\u00f3n cultural contra los valores alienantes do capitalismo.<\/p><p>Trabajar tambi\u00e9n por una intelectualidad que ha sido excluida por el poder hegem\u00f3nico y que sea capaz de generar contenidos verdaderamente descolonizadores, con referencias culturales s\u00f3lidas en un mundo cada d\u00eda m\u00e1s influenciado por el consumismo y por la banalidad.<\/p><p>Como documento de car\u00e1cter estrat\u00e9gico, el Consenso de Nuestra Am\u00e9rica apunta hacia los desaf\u00edos organizativos e ideol\u00f3gicos exigidos, como la unidad de acci\u00f3n, la profunda conexi\u00f3n con el pueblo y sus organizaciones, la movilizaci\u00f3n popular, la necesidad de incluir a las juventudes y sus sue\u00f1os en las luchas de nuestro pueblo.<\/p><p><strong>ESTRUCTURA Y FUNCIONAMIENTO<\/strong><\/p><p>El Foro de S\u00e3o Paulo, como una articulaci\u00f3n de partidos y movimientos pol\u00edticos latinoamericanos y caribe\u00f1os, a la fecha de hoy cuenta con 123 partidos miembros en 27 pa\u00edses, que se re\u00fanen en un encuentro anual, y un Grupo de Trabajo compuesto por representaciones de 16 pa\u00edses, que se re\u00fane peri\u00f3dicamente.<\/p><p>Posee tres Secretar\u00edas Regionales: Cono Sur, con sede en Uruguay; Andino-Amaz\u00f3nica, con sede provisoriamente en Colombia; y Mesoamericana y Caribe\u00f1a, con sede en El Salvador.<\/p><p>Finalmente, tenemos la Secretar\u00eda Ejecutiva, que es responsable de dar seguimiento a las decisiones tomadas en las plenarias anuales y en las reuniones regionales y del Grupo de Trabajo, y tiene actualmente su sede en S\u00e3o Paulo.<\/p><p>Los encuentros anuales re\u00fanen, adem\u00e1s de los partidos miembros, invitados de movimientos sociales y organizaciones pol\u00edticas de otros continentes. Entre las actividades realizadas, destacamos las plenarias generales; los encuentros sectoriales: Mujeres, Juventud, Afrodescendientes, Pueblos Originarios, Red de Fundaciones y Escuelas, entre otros; talleres tem\u00e1ticos: Medios de Comunicaci\u00f3n, Lucha Anticolonialista, Seminario sobre Gobiernos Progresistas, entre otros; y la Escuela de Formaci\u00f3n.<\/p><p>El Foro de S\u00e3o Paulo mantiene una fuerte interlocuci\u00f3n con los representantes de los movimientos y organizaciones sociales del continente, con el objetivo de construir agendas y acciones comunes, como la Jornada Mundial contra el Imperialismo, la Jornada Continental por la Democracia y contra el Neoliberalismo, entre otras. Tambi\u00e9n sostenemos relaciones de intercambio y cooperaci\u00f3n con fuerzas pol\u00edticas y sociales de otros continentes, habiendo participado activamente en varias reuniones del Foro Social Mundial, entre otros eventos mundiales y regionales.<\/p><p>El Foro de S\u00e3o Paulo mantiene, asimismo, relaciones pol\u00edticas con otras iniciativas que aglutinan a partidos pol\u00edticos latinoamericanos y caribe\u00f1os, como la Conferencia Permanente de Partidos Pol\u00edticos de Am\u00e9rica Latina (COPPPAL) y la Coordinaci\u00f3n Socialista Latinoamericana (CSL), adem\u00e1s de organizaciones de otros continentes.<\/p>\t\t\t\t\t\t\t\t<\/div>\n\t\t\t\t<\/div>\n\t\t\t\t<div class=\"elementor-element elementor-element-7cd3a0a elementor-widget-divider--view-line jltma-glass-effect-no elementor-widget elementor-widget-divider\" data-id=\"7cd3a0a\" data-element_type=\"widget\" data-widget_type=\"divider.default\">\n\t\t\t\t<div class=\"elementor-widget-container\">\n\t\t\t\t\t\t\t<div class=\"elementor-divider\">\n\t\t\t<span class=\"elementor-divider-separator\">\n\t\t\t\t\t\t<\/span>\n\t\t<\/div>\n\t\t\t\t\t\t<\/div>\n\t\t\t\t<\/div>\n\t\t\t\t<div class=\"elementor-element elementor-element-d6d2a7d jltma-glass-effect-no elementor-widget elementor-widget-heading\" data-id=\"d6d2a7d\" data-element_type=\"widget\" data-widget_type=\"heading.default\">\n\t\t\t\t<div class=\"elementor-widget-container\">\n\t\t\t\t\t<h2 class=\"elementor-heading-title elementor-size-default\">Declaraci\u00f3n de S\u00e3o Paulo 1990<\/h2>\t\t\t\t<\/div>\n\t\t\t\t<\/div>\n\t\t\t\t<div class=\"elementor-element elementor-element-c57216f elementor-align-left elementor-mobile-align-center jltma-glass-effect-no elementor-widget elementor-widget-button\" data-id=\"c57216f\" data-element_type=\"widget\" data-widget_type=\"button.default\">\n\t\t\t\t<div class=\"elementor-widget-container\">\n\t\t\t\t\t\t\t\t\t<div class=\"elementor-button-wrapper\">\n\t\t\t\t\t<a class=\"elementor-button elementor-button-link elementor-size-sm\" href=\"https:\/\/patriaparatodos.com.ve\/wp-content\/uploads\/2023\/06\/01-Declaracion-de-Sao-Paulo-19901-1.pdf\">\n\t\t\t\t\t\t<span class=\"elementor-button-content-wrapper\">\n\t\t\t\t\t\t\t\t\t<span class=\"elementor-button-text\">Descargar<\/span>\n\t\t\t\t\t<\/span>\n\t\t\t\t\t<\/a>\n\t\t\t\t<\/div>\n\t\t\t\t\t\t\t\t<\/div>\n\t\t\t\t<\/div>\n\t\t\t\t<div class=\"elementor-element elementor-element-ac35a21 elementor-widget-divider--view-line jltma-glass-effect-no elementor-widget elementor-widget-divider\" data-id=\"ac35a21\" data-element_type=\"widget\" data-widget_type=\"divider.default\">\n\t\t\t\t<div class=\"elementor-widget-container\">\n\t\t\t\t\t\t\t<div class=\"elementor-divider\">\n\t\t\t<span class=\"elementor-divider-separator\">\n\t\t\t\t\t\t<\/span>\n\t\t<\/div>\n\t\t\t\t\t\t<\/div>\n\t\t\t\t<\/div>\n\t\t\t\t<div class=\"elementor-element elementor-element-f26a1dc jltma-glass-effect-no elementor-widget elementor-widget-heading\" data-id=\"f26a1dc\" data-element_type=\"widget\" data-widget_type=\"heading.default\">\n\t\t\t\t<div class=\"elementor-widget-container\">\n\t\t\t\t\t<h2 class=\"elementor-heading-title elementor-size-default\">Miembros del Foro de S\u00e3o Paulo ordenados por pa\u00edses:<\/h2>\t\t\t\t<\/div>\n\t\t\t\t<\/div>\n\t\t\t\t<div class=\"elementor-element elementor-element-cc9e425 elementor-align-left elementor-mobile-align-center jltma-glass-effect-no elementor-widget elementor-widget-button\" data-id=\"cc9e425\" data-element_type=\"widget\" data-widget_type=\"button.default\">\n\t\t\t\t<div class=\"elementor-widget-container\">\n\t\t\t\t\t\t\t\t\t<div class=\"elementor-button-wrapper\">\n\t\t\t\t\t<a class=\"elementor-button elementor-button-link elementor-size-sm\" href=\"https:\/\/forodesaopaulo.org\/partidos\/\">\n\t\t\t\t\t\t<span class=\"elementor-button-content-wrapper\">\n\t\t\t\t\t\t\t\t\t<span class=\"elementor-button-text\">Ver <\/span>\n\t\t\t\t\t<\/span>\n\t\t\t\t\t<\/a>\n\t\t\t\t<\/div>\n\t\t\t\t\t\t\t\t<\/div>\n\t\t\t\t<\/div>\n\t\t\t\t<div class=\"elementor-element elementor-element-fc72b80 jltma-glass-effect-no elementor-widget elementor-widget-spacer\" data-id=\"fc72b80\" data-element_type=\"widget\" data-widget_type=\"spacer.default\">\n\t\t\t\t<div class=\"elementor-widget-container\">\n\t\t\t\t\t\t\t<div class=\"elementor-spacer\">\n\t\t\t<div class=\"elementor-spacer-inner\"><\/div>\n\t\t<\/div>\n\t\t\t\t\t\t<\/div>\n\t\t\t\t<\/div>\n\t\t\t\t\t<\/div>\n\t\t<\/div>\n\t\t\t\t\t<\/div>\n\t\t<\/section>\n\t\t\t\t\t<\/div>\n\t\t<\/div>\n\t\t\t\t\t<\/div>\n\t\t<\/section>\n\t\t\t\t<\/div>\n\t\t","protected":false},"excerpt":{"rendered":"<p>Convocatoria al XXVI Encuentro en Brasil El XXVI Encuentro del Foro se realizar\u00e1 en medio de un escenario complejo, de victorias y tambi\u00e9n de mucha lucha de los pueblos de Nuestra Am\u00e9rica.\u00a0 La necesidad de construir la integraci\u00f3n de nuestros pa\u00edses, proteger nuestra naturaleza, pueblos y soberan\u00eda adem\u00e1s de luchar contra los efectos del neoliberalismo [&hellip;]<\/p>\n","protected":false},"author":1,"featured_media":0,"parent":914,"menu_order":0,"comment_status":"closed","ping_status":"closed","template":"","meta":{"footnotes":""},"class_list":["post-814","page","type-page","status-publish","hentry"],"yoast_head":"<!-- This site is optimized with the Yoast SEO plugin v23.3 - https:\/\/yoast.com\/wordpress\/plugins\/seo\/ -->\n<title>XXVI Encuentro del Foro de S\u00e3o Paulo - La Mecha Azul<\/title>\n<meta name=\"description\" content=\"XXVI Encuentro del Foro S\u00e3o Paulo\" \/>\n<meta name=\"robots\" content=\"index, follow, max-snippet:-1, max-image-preview:large, max-video-preview:-1\" \/>\n<link rel=\"canonical\" href=\"https:\/\/patriaparatodos.com.ve\/?page_id=814\" \/>\n<meta property=\"og:locale\" content=\"es_ES\" \/>\n<meta property=\"og:type\" content=\"article\" \/>\n<meta property=\"og:title\" content=\"XXVI Encuentro del Foro de S\u00e3o Paulo - La Mecha Azul\" \/>\n<meta property=\"og:description\" content=\"XXVI Encuentro del Foro S\u00e3o Paulo\" \/>\n<meta property=\"og:url\" content=\"https:\/\/patriaparatodos.com.ve\/?page_id=814\" \/>\n<meta property=\"og:site_name\" content=\"La Mecha Azul\" \/>\n<meta property=\"article:modified_time\" content=\"2023-07-14T03:37:15+00:00\" \/>\n<meta property=\"og:image\" content=\"https:\/\/patriaparatodos.com.ve\/wp-content\/uploads\/2023\/06\/Foto-1-1024x684-1.jpg\" \/>\n<meta name=\"twitter:card\" content=\"summary_large_image\" \/>\n<meta name=\"twitter:label1\" content=\"Tiempo de lectura\" \/>\n\t<meta name=\"twitter:data1\" content=\"11 minutos\" \/>\n<script type=\"application\/ld+json\" class=\"yoast-schema-graph\">{\"@context\":\"https:\/\/schema.org\",\"@graph\":[{\"@type\":\"WebPage\",\"@id\":\"https:\/\/patriaparatodos.com.ve\/?page_id=814\",\"url\":\"https:\/\/patriaparatodos.com.ve\/?page_id=814\",\"name\":\"XXVI Encuentro del Foro de S\u00e3o Paulo - La Mecha Azul\",\"isPartOf\":{\"@id\":\"https:\/\/patriaparatodos.com.ve\/#website\"},\"primaryImageOfPage\":{\"@id\":\"https:\/\/patriaparatodos.com.ve\/?page_id=814#primaryimage\"},\"image\":{\"@id\":\"https:\/\/patriaparatodos.com.ve\/?page_id=814#primaryimage\"},\"thumbnailUrl\":\"https:\/\/patriaparatodos.com.ve\/wp-content\/uploads\/2023\/06\/Foto-1-1024x684-1.jpg\",\"datePublished\":\"2023-06-20T18:23:10+00:00\",\"dateModified\":\"2023-07-14T03:37:15+00:00\",\"description\":\"XXVI Encuentro del Foro S\u00e3o Paulo\",\"breadcrumb\":{\"@id\":\"https:\/\/patriaparatodos.com.ve\/?page_id=814#breadcrumb\"},\"inLanguage\":\"es\",\"potentialAction\":[{\"@type\":\"ReadAction\",\"target\":[\"https:\/\/patriaparatodos.com.ve\/?page_id=814\"]}]},{\"@type\":\"ImageObject\",\"inLanguage\":\"es\",\"@id\":\"https:\/\/patriaparatodos.com.ve\/?page_id=814#primaryimage\",\"url\":\"https:\/\/patriaparatodos.com.ve\/wp-content\/uploads\/2023\/06\/Foto-1-1024x684-1.jpg\",\"contentUrl\":\"https:\/\/patriaparatodos.com.ve\/wp-content\/uploads\/2023\/06\/Foto-1-1024x684-1.jpg\",\"width\":1024,\"height\":684},{\"@type\":\"BreadcrumbList\",\"@id\":\"https:\/\/patriaparatodos.com.ve\/?page_id=814#breadcrumb\",\"itemListElement\":[{\"@type\":\"ListItem\",\"position\":1,\"name\":\"Portada\",\"item\":\"https:\/\/patriaparatodos.com.ve\/\"},{\"@type\":\"ListItem\",\"position\":2,\"name\":\"Alianzas\",\"item\":\"https:\/\/patriaparatodos.com.ve\/?page_id=910\"},{\"@type\":\"ListItem\",\"position\":3,\"name\":\"Foro de S\u00e3o Paulo\",\"item\":\"https:\/\/patriaparatodos.com.ve\/?page_id=914\"},{\"@type\":\"ListItem\",\"position\":4,\"name\":\"XXVI Encuentro del Foro de S\u00e3o Paulo\"}]},{\"@type\":\"WebSite\",\"@id\":\"https:\/\/patriaparatodos.com.ve\/#website\",\"url\":\"https:\/\/patriaparatodos.com.ve\/\",\"name\":\"La Mecha Azul\",\"description\":\"Por la \u00c9tica, Valor de la Palabra\",\"publisher\":{\"@id\":\"https:\/\/patriaparatodos.com.ve\/#organization\"},\"potentialAction\":[{\"@type\":\"SearchAction\",\"target\":{\"@type\":\"EntryPoint\",\"urlTemplate\":\"https:\/\/patriaparatodos.com.ve\/?s={search_term_string}\"},\"query-input\":\"required name=search_term_string\"}],\"inLanguage\":\"es\"},{\"@type\":\"Organization\",\"@id\":\"https:\/\/patriaparatodos.com.ve\/#organization\",\"name\":\"La Mecha Azul\",\"url\":\"https:\/\/patriaparatodos.com.ve\/\",\"logo\":{\"@type\":\"ImageObject\",\"inLanguage\":\"es\",\"@id\":\"https:\/\/patriaparatodos.com.ve\/#\/schema\/logo\/image\/\",\"url\":\"https:\/\/patriaparatodos.com.ve\/wp-content\/uploads\/2023\/02\/cropped-logo-La-mecha-Azul-n.png\",\"contentUrl\":\"https:\/\/patriaparatodos.com.ve\/wp-content\/uploads\/2023\/02\/cropped-logo-La-mecha-Azul-n.png\",\"width\":5884,\"height\":3318,\"caption\":\"La Mecha Azul\"},\"image\":{\"@id\":\"https:\/\/patriaparatodos.com.ve\/#\/schema\/logo\/image\/\"}}]}<\/script>\n<!-- \/ Yoast SEO plugin. -->","yoast_head_json":{"title":"XXVI Encuentro del Foro de S\u00e3o Paulo - La Mecha Azul","description":"XXVI Encuentro del Foro S\u00e3o Paulo","robots":{"index":"index","follow":"follow","max-snippet":"max-snippet:-1","max-image-preview":"max-image-preview:large","max-video-preview":"max-video-preview:-1"},"canonical":"https:\/\/patriaparatodos.com.ve\/?page_id=814","og_locale":"es_ES","og_type":"article","og_title":"XXVI Encuentro del Foro de S\u00e3o Paulo - La Mecha Azul","og_description":"XXVI Encuentro del Foro S\u00e3o Paulo","og_url":"https:\/\/patriaparatodos.com.ve\/?page_id=814","og_site_name":"La Mecha Azul","article_modified_time":"2023-07-14T03:37:15+00:00","og_image":[{"url":"https:\/\/patriaparatodos.com.ve\/wp-content\/uploads\/2023\/06\/Foto-1-1024x684-1.jpg"}],"twitter_card":"summary_large_image","twitter_misc":{"Tiempo de lectura":"11 minutos"},"schema":{"@context":"https:\/\/schema.org","@graph":[{"@type":"WebPage","@id":"https:\/\/patriaparatodos.com.ve\/?page_id=814","url":"https:\/\/patriaparatodos.com.ve\/?page_id=814","name":"XXVI Encuentro del Foro de S\u00e3o Paulo - La Mecha Azul","isPartOf":{"@id":"https:\/\/patriaparatodos.com.ve\/#website"},"primaryImageOfPage":{"@id":"https:\/\/patriaparatodos.com.ve\/?page_id=814#primaryimage"},"image":{"@id":"https:\/\/patriaparatodos.com.ve\/?page_id=814#primaryimage"},"thumbnailUrl":"https:\/\/patriaparatodos.com.ve\/wp-content\/uploads\/2023\/06\/Foto-1-1024x684-1.jpg","datePublished":"2023-06-20T18:23:10+00:00","dateModified":"2023-07-14T03:37:15+00:00","description":"XXVI Encuentro del Foro S\u00e3o Paulo","breadcrumb":{"@id":"https:\/\/patriaparatodos.com.ve\/?page_id=814#breadcrumb"},"inLanguage":"es","potentialAction":[{"@type":"ReadAction","target":["https:\/\/patriaparatodos.com.ve\/?page_id=814"]}]},{"@type":"ImageObject","inLanguage":"es","@id":"https:\/\/patriaparatodos.com.ve\/?page_id=814#primaryimage","url":"https:\/\/patriaparatodos.com.ve\/wp-content\/uploads\/2023\/06\/Foto-1-1024x684-1.jpg","contentUrl":"https:\/\/patriaparatodos.com.ve\/wp-content\/uploads\/2023\/06\/Foto-1-1024x684-1.jpg","width":1024,"height":684},{"@type":"BreadcrumbList","@id":"https:\/\/patriaparatodos.com.ve\/?page_id=814#breadcrumb","itemListElement":[{"@type":"ListItem","position":1,"name":"Portada","item":"https:\/\/patriaparatodos.com.ve\/"},{"@type":"ListItem","position":2,"name":"Alianzas","item":"https:\/\/patriaparatodos.com.ve\/?page_id=910"},{"@type":"ListItem","position":3,"name":"Foro de S\u00e3o Paulo","item":"https:\/\/patriaparatodos.com.ve\/?page_id=914"},{"@type":"ListItem","position":4,"name":"XXVI Encuentro del Foro de S\u00e3o Paulo"}]},{"@type":"WebSite","@id":"https:\/\/patriaparatodos.com.ve\/#website","url":"https:\/\/patriaparatodos.com.ve\/","name":"La Mecha Azul","description":"Por la \u00c9tica, Valor de la Palabra","publisher":{"@id":"https:\/\/patriaparatodos.com.ve\/#organization"},"potentialAction":[{"@type":"SearchAction","target":{"@type":"EntryPoint","urlTemplate":"https:\/\/patriaparatodos.com.ve\/?s={search_term_string}"},"query-input":"required name=search_term_string"}],"inLanguage":"es"},{"@type":"Organization","@id":"https:\/\/patriaparatodos.com.ve\/#organization","name":"La Mecha Azul","url":"https:\/\/patriaparatodos.com.ve\/","logo":{"@type":"ImageObject","inLanguage":"es","@id":"https:\/\/patriaparatodos.com.ve\/#\/schema\/logo\/image\/","url":"https:\/\/patriaparatodos.com.ve\/wp-content\/uploads\/2023\/02\/cropped-logo-La-mecha-Azul-n.png","contentUrl":"https:\/\/patriaparatodos.com.ve\/wp-content\/uploads\/2023\/02\/cropped-logo-La-mecha-Azul-n.png","width":5884,"height":3318,"caption":"La Mecha Azul"},"image":{"@id":"https:\/\/patriaparatodos.com.ve\/#\/schema\/logo\/image\/"}}]}},"_links":{"self":[{"href":"https:\/\/patriaparatodos.com.ve\/index.php?rest_route=\/wp\/v2\/pages\/814","targetHints":{"allow":["GET"]}}],"collection":[{"href":"https:\/\/patriaparatodos.com.ve\/index.php?rest_route=\/wp\/v2\/pages"}],"about":[{"href":"https:\/\/patriaparatodos.com.ve\/index.php?rest_route=\/wp\/v2\/types\/page"}],"author":[{"embeddable":true,"href":"https:\/\/patriaparatodos.com.ve\/index.php?rest_route=\/wp\/v2\/users\/1"}],"replies":[{"embeddable":true,"href":"https:\/\/patriaparatodos.com.ve\/index.php?rest_route=%2Fwp%2Fv2%2Fcomments&post=814"}],"version-history":[{"count":29,"href":"https:\/\/patriaparatodos.com.ve\/index.php?rest_route=\/wp\/v2\/pages\/814\/revisions"}],"predecessor-version":[{"id":913,"href":"https:\/\/patriaparatodos.com.ve\/index.php?rest_route=\/wp\/v2\/pages\/814\/revisions\/913"}],"up":[{"embeddable":true,"href":"https:\/\/patriaparatodos.com.ve\/index.php?rest_route=\/wp\/v2\/pages\/914"}],"wp:attachment":[{"href":"https:\/\/patriaparatodos.com.ve\/index.php?rest_route=%2Fwp%2Fv2%2Fmedia&parent=814"}],"curies":[{"name":"wp","href":"https:\/\/api.w.org\/{rel}","templated":true}]}}